{"id":16746,"date":"2018-07-17T15:56:27","date_gmt":"2018-07-17T15:56:27","guid":{"rendered":"http:\/\/dev-glnmolds.younik.pt\/?page_id=16746"},"modified":"2020-03-16T11:51:47","modified_gmt":"2020-03-16T11:51:47","slug":"noticias","status":"publish","type":"page","link":"https:\/\/gln.pt\/pt\/noticias\/","title":{"rendered":"Not\u00edcias"},"content":{"rendered":"<p>[vc_row bg_type=&#8221;color&#8221; padding_top_multiplier=&#8221;custom&#8221; padding_bottom_multiplier=&#8221;custom&#8221; columns_gap=&#8221;none&#8221; padding_top=&#8221;60&#8243; padding_bottom=&#8221;120&#8243; section_id=&#8221;newsRow&#8221;][vc_column]\t\t<div class=\"grve-element grve-blog grve-blog-columns grve-blog-grid grve-isotope grve-with-gap news-page official\" style=\"\" data-columns=\"3\" data-columns-large-screen=\"3\" data-columns-tablet-landscape=\"3\" data-columns-tablet-portrait=\"2\" data-columns-mobile=\"1\" data-layout=\"fitRows\" data-spinner=\"yes\" data-gutter-size=\"40\">\r\n\t\t\t\t<div class=\"grve-filter grve-filter-style-classic grve-align-center grve-link-text\">\r\n\t\t\t\t\t<ul>\r\n\t\t\t\t\t\t<li data-filter=\"*\" class=\"selected\"><span>Todos<\/span><\/li><li data-filter=\".category-eventos\"><span>Eventos<\/span><\/li><li data-filter=\".category-gln-innov\"><span>GLN Innov<\/span><\/li><li data-filter=\".category-internacionalizacao\"><span>Internacionaliza\u00e7\u00e3o<\/span><\/li><li data-filter=\".category-editorial\"><span>Editorial<\/span><\/li>\t\t\t\t\t<\/ul>\r\n\t\t\t\t<\/div>\r\n\t\t\t\t\t<div class=\"grve-isotope-container\">\r\n\t\t\t<article class=\"grve-blog-item grve-isotope-item post-19005 post type-post status-publish format-standard has-post-thumbnail hentry category-eventos category-gln-innov\" itemscope itemType=\"http:\/\/schema.org\/BlogPosting\">\r\n\t\t\t\t<div class=\"grve-blog-item-inner grve-isotope-item-inner grve-fade-in-up\">\r\n\t\t\t\t\t\t\t\t\t\t\t\t\t<div class=\"grve-media\">\r\n\t\t\t<a class=\"grve-item-url\" href=\"https:\/\/gln.pt\/pt\/processes-for-integrated-inejction\/\"><\/a>\r\n\t\t\t<img loading=\"lazy\" decoding=\"async\" width=\"768\" height=\"432\" src=\"https:\/\/gln.pt\/wp-content\/uploads\/Imagem_IDPIIMIO-SiteGLN-768x432.png\" class=\"attachment-medium_large size-medium_large wp-post-image\" alt=\"R&amp;D Processes for Integrated Injection\" srcset=\"https:\/\/gln.pt\/wp-content\/uploads\/Imagem_IDPIIMIO-SiteGLN-768x432.png 768w, https:\/\/gln.pt\/wp-content\/uploads\/Imagem_IDPIIMIO-SiteGLN-300x169.png 300w, https:\/\/gln.pt\/wp-content\/uploads\/Imagem_IDPIIMIO-SiteGLN-1024x576.png 1024w, https:\/\/gln.pt\/wp-content\/uploads\/Imagem_IDPIIMIO-SiteGLN-1536x864.png 1536w, https:\/\/gln.pt\/wp-content\/uploads\/Imagem_IDPIIMIO-SiteGLN-1170x658.png 1170w, https:\/\/gln.pt\/wp-content\/uploads\/Imagem_IDPIIMIO-SiteGLN.png 1600w\" sizes=\"auto, (max-width: 768px) 100vw, 768px\" title=\"Projeto I&amp;DPIIMIO - Sess\u00e3o de Encerramento\" \/>\t\t\t<div class=\"grve-bg-black grve-hover-overlay grve-opacity-10\"><\/div>\r\n\t\t<\/div>\r\n\t\t\t\t\t\t<div class=\"grve-post-content-wrapper\">\r\n\t\t\t\t\t\t\t<div class=\"grve-post-content\">\r\n\t\t\t\t\t\t\t\t<div class=\"grve-post-header\">\r\n\t\t\t\t\t\t\t\t\t\t\t\t\t\t\t\t\t\t\t\t<span class=\"grve-hidden\">\r\n\t\t\t<span class=\"grve-structured-data entry-title\">Projeto I&#038;DPIIMIO &#8211; Sess\u00e3o de Encerramento<\/span>\r\n\t\t\t<span class=\"grve-structured-data\" itemprop=\"image\" itemscope itemtype=\"http:\/\/schema.org\/ImageObject\">\r\n\t\t\t   <span itemprop='url' >https:\/\/gln.pt\/wp-content\/uploads\/Imagem_IDPIIMIO-SiteGLN.png<\/span>\r\n\t\t\t   <span itemprop='height' >1600<\/span>\r\n\t\t\t   <span itemprop='width' >900<\/span>\r\n\t\t\t<\/span>\r\n\t\t\t\t\t\t<span class=\"grve-structured-data vcard author\" itemprop=\"author\" itemscope itemtype=\"http:\/\/schema.org\/Person\">\r\n\t\t\t\t<span itemprop=\"name\" class=\"fn\">GLN<\/span>\r\n\t\t\t<\/span>\r\n\t\t\t<span class=\"grve-structured-data\" itemprop=\"publisher\" itemscope itemtype=\"http:\/\/schema.org\/Organization\">\r\n\t\t\t\t<span itemprop='name'>GLN<\/span>\r\n\t\t\t\t<span itemprop='logo' itemscope itemtype='http:\/\/schema.org\/ImageObject'>\r\n\t\t\t\t\t<span itemprop='url'>https:\/\/gln.pt\/wp-content\/uploads\/Imagem_IDPIIMIO-SiteGLN.png<\/span>\r\n\t\t\t\t<\/span>\r\n\t\t\t<\/span>\r\n\t\t\t\t\t\t<time class=\"grve-structured-data date published\" itemprop=\"datePublished\" datetime=\"2022-11-25T16:41:24+00:00\">2022-11-25<\/time>\r\n\t\t\t<time class=\"grve-structured-data date updated\" itemprop=\"dateModified\"  datetime=\"2022-11-28T12:57:18+00:00\">2022-11-28<\/time>\r\n\t\t\t<span class=\"grve-structured-data\" itemprop=\"mainEntityOfPage\" itemscope itemtype=\"http:\/\/schema.org\/WebPage\" itemid=\"https:\/\/gln.pt\/pt\/processes-for-integrated-inejction\/\"><\/span>\r\n\t\t<\/span>\r\n\t\t\t\t\t\t\t\t\t\t\t\t\t\t\t\t\t\t\t\t<ul class=\"grve-post-meta\">\r\n\t\t\t\t\t\t\t\t\t\t<li class=\"grve-post-date\">\t<time class=\"\" datetime=\"2022-11-25T16:41:24+00:00\">\r\n\t\t2022-11-25\t<\/time>\r\n<\/li>\t\t\t\t\t\t\t\t\t\t<\/ul>\r\n\t\t\t\t\t\t\t\t\t\t\t\t\t\t\t\t\t\t<a href=\"https:\/\/gln.pt\/pt\/processes-for-integrated-inejction\/\" rel=\"bookmark\"><h2 class=\"grve-post-title grve-post-title-hover grve-h4\" itemprop=\"name headline\">Projeto I&#038;DPIIMIO &#8211; Sess\u00e3o de Encerramento<\/h2><\/a>\t\t\t\t\t\t\t\t<\/div>\r\n\t\t\t\t\t\t\t\t<div itemprop=\"articleBody\"><p>O cons\u00f3rcio do projeto I&amp;DPIIMIO ir\u00e1 promover no pr\u00f3ximo dia 30 de novembro o Semin\u00e1rio de Encerramento do Projeto, subordinado ao tema \u201cI&amp;D de Processos para Inje\u00e7\u00e3o Integrada\u201d e de&hellip;<\/p><a class=\"grve-read-more grve-link-text grve-heading-color grve-text-hover-primary-1\" href=\"https:\/\/gln.pt\/pt\/processes-for-integrated-inejction\/\"><span>ler mais<\/span><\/a><\/div>\t\t\t\t\t\t\t<\/div>\r\n\t\t\t\t\t\t<\/div>\r\n\t\t\t\t\t\r\n\t\t\t\t<\/div>\t\t\t<\/article>\r\n\r\n\t\t\t<article class=\"grve-blog-item grve-isotope-item post-18987 post type-post status-publish format-standard has-post-thumbnail hentry category-internacionalizacao\" itemscope itemType=\"http:\/\/schema.org\/BlogPosting\">\r\n\t\t\t\t<div class=\"grve-blog-item-inner grve-isotope-item-inner grve-fade-in-up\">\r\n\t\t\t\t\t\t\t\t\t\t\t\t\t<div class=\"grve-media\">\r\n\t\t\t<a class=\"grve-item-url\" href=\"https:\/\/gln.pt\/pt\/k2022\/\"><\/a>\r\n\t\t\t<img loading=\"lazy\" decoding=\"async\" width=\"768\" height=\"432\" src=\"https:\/\/gln.pt\/wp-content\/uploads\/website_gln_K2022-768x432.jpg\" class=\"attachment-medium_large size-medium_large wp-post-image\" alt=\"Mapa feira K2022_GLN\" srcset=\"https:\/\/gln.pt\/wp-content\/uploads\/website_gln_K2022-768x432.jpg 768w, https:\/\/gln.pt\/wp-content\/uploads\/website_gln_K2022-300x169.jpg 300w, https:\/\/gln.pt\/wp-content\/uploads\/website_gln_K2022-1024x576.jpg 1024w, https:\/\/gln.pt\/wp-content\/uploads\/website_gln_K2022.jpg 1170w\" sizes=\"auto, (max-width: 768px) 100vw, 768px\" title=\"GLN marca presen\u00e7a na Feira K 2022\" \/>\t\t\t<div class=\"grve-bg-black grve-hover-overlay grve-opacity-10\"><\/div>\r\n\t\t<\/div>\r\n\t\t\t\t\t\t<div class=\"grve-post-content-wrapper\">\r\n\t\t\t\t\t\t\t<div class=\"grve-post-content\">\r\n\t\t\t\t\t\t\t\t<div class=\"grve-post-header\">\r\n\t\t\t\t\t\t\t\t\t\t\t\t\t\t\t\t\t\t\t\t<span class=\"grve-hidden\">\r\n\t\t\t<span class=\"grve-structured-data entry-title\">GLN marca presen\u00e7a na Feira K 2022<\/span>\r\n\t\t\t<span class=\"grve-structured-data\" itemprop=\"image\" itemscope itemtype=\"http:\/\/schema.org\/ImageObject\">\r\n\t\t\t   <span itemprop='url' >https:\/\/gln.pt\/wp-content\/uploads\/website_gln_K2022.jpg<\/span>\r\n\t\t\t   <span itemprop='height' >1170<\/span>\r\n\t\t\t   <span itemprop='width' >658<\/span>\r\n\t\t\t<\/span>\r\n\t\t\t\t\t\t<span class=\"grve-structured-data vcard author\" itemprop=\"author\" itemscope itemtype=\"http:\/\/schema.org\/Person\">\r\n\t\t\t\t<span itemprop=\"name\" class=\"fn\">GLN<\/span>\r\n\t\t\t<\/span>\r\n\t\t\t<span class=\"grve-structured-data\" itemprop=\"publisher\" itemscope itemtype=\"http:\/\/schema.org\/Organization\">\r\n\t\t\t\t<span itemprop='name'>GLN<\/span>\r\n\t\t\t\t<span itemprop='logo' itemscope itemtype='http:\/\/schema.org\/ImageObject'>\r\n\t\t\t\t\t<span itemprop='url'>https:\/\/gln.pt\/wp-content\/uploads\/website_gln_K2022.jpg<\/span>\r\n\t\t\t\t<\/span>\r\n\t\t\t<\/span>\r\n\t\t\t\t\t\t<time class=\"grve-structured-data date published\" itemprop=\"datePublished\" datetime=\"2022-10-24T13:57:10+00:00\">2022-10-24<\/time>\r\n\t\t\t<time class=\"grve-structured-data date updated\" itemprop=\"dateModified\"  datetime=\"2022-10-24T14:45:15+00:00\">2022-10-24<\/time>\r\n\t\t\t<span class=\"grve-structured-data\" itemprop=\"mainEntityOfPage\" itemscope itemtype=\"http:\/\/schema.org\/WebPage\" itemid=\"https:\/\/gln.pt\/pt\/k2022\/\"><\/span>\r\n\t\t<\/span>\r\n\t\t\t\t\t\t\t\t\t\t\t\t\t\t\t\t\t\t\t\t<ul class=\"grve-post-meta\">\r\n\t\t\t\t\t\t\t\t\t\t<li class=\"grve-post-date\">\t<time class=\"\" datetime=\"2022-10-24T13:57:10+00:00\">\r\n\t\t2022-10-24\t<\/time>\r\n<\/li>\t\t\t\t\t\t\t\t\t\t<\/ul>\r\n\t\t\t\t\t\t\t\t\t\t\t\t\t\t\t\t\t\t<a href=\"https:\/\/gln.pt\/pt\/k2022\/\" rel=\"bookmark\"><h2 class=\"grve-post-title grve-post-title-hover grve-h4\" itemprop=\"name headline\">GLN marca presen\u00e7a na Feira K 2022<\/h2><\/a>\t\t\t\t\t\t\t\t<\/div>\r\n\t\t\t\t\t\t\t\t<div itemprop=\"articleBody\"><p>[vc_row][vc_column][vc_column_text]A feira mundial nr. 1 de pl\u00e1sticos e borracha \u2013 K2022 est\u00e1 a decorrer e a GLN marca a sua presen\u00e7a com um stand para mostrar as novas tecnologias aplicadas&hellip;<\/p><a class=\"grve-read-more grve-link-text grve-heading-color grve-text-hover-primary-1\" href=\"https:\/\/gln.pt\/pt\/k2022\/\"><span>ler mais<\/span><\/a><\/div>\t\t\t\t\t\t\t<\/div>\r\n\t\t\t\t\t\t<\/div>\r\n\t\t\t\t\t\r\n\t\t\t\t<\/div>\t\t\t<\/article>\r\n\r\n\t\t\t<article class=\"grve-blog-item grve-isotope-item post-18911 post type-post status-publish format-standard has-post-thumbnail hentry category-gln-innov\" itemscope itemType=\"http:\/\/schema.org\/BlogPosting\">\r\n\t\t\t\t<div class=\"grve-blog-item-inner grve-isotope-item-inner grve-fade-in-up\">\r\n\t\t\t\t\t\t\t\t\t\t\t\t\t<div class=\"grve-media\">\r\n\t\t\t<a class=\"grve-item-url\" href=\"https:\/\/gln.pt\/pt\/additive-manufacturing-closing-session\/\"><\/a>\r\n\t\t\t<img loading=\"lazy\" decoding=\"async\" width=\"768\" height=\"432\" src=\"https:\/\/gln.pt\/wp-content\/uploads\/Add_addictive_website-768x432.jpg\" class=\"attachment-medium_large size-medium_large wp-post-image\" alt=\"Additive Manufacturing - Sess\u00e3o de Encerramento\" srcset=\"https:\/\/gln.pt\/wp-content\/uploads\/Add_addictive_website-768x432.jpg 768w, https:\/\/gln.pt\/wp-content\/uploads\/Add_addictive_website-300x169.jpg 300w, https:\/\/gln.pt\/wp-content\/uploads\/Add_addictive_website-1024x576.jpg 1024w, https:\/\/gln.pt\/wp-content\/uploads\/Add_addictive_website-1536x864.jpg 1536w, https:\/\/gln.pt\/wp-content\/uploads\/Add_addictive_website-1170x658.jpg 1170w, https:\/\/gln.pt\/wp-content\/uploads\/Add_addictive_website.jpg 1600w\" sizes=\"auto, (max-width: 768px) 100vw, 768px\" title=\"Additive Manufacturing - Sess\u00e3o de Encerramento\" \/>\t\t\t<div class=\"grve-bg-black grve-hover-overlay grve-opacity-10\"><\/div>\r\n\t\t<\/div>\r\n\t\t\t\t\t\t<div class=\"grve-post-content-wrapper\">\r\n\t\t\t\t\t\t\t<div class=\"grve-post-content\">\r\n\t\t\t\t\t\t\t\t<div class=\"grve-post-header\">\r\n\t\t\t\t\t\t\t\t\t\t\t\t\t\t\t\t\t\t\t\t<span class=\"grve-hidden\">\r\n\t\t\t<span class=\"grve-structured-data entry-title\">Additive Manufacturing &#8211; Sess\u00e3o de Encerramento<\/span>\r\n\t\t\t<span class=\"grve-structured-data\" itemprop=\"image\" itemscope itemtype=\"http:\/\/schema.org\/ImageObject\">\r\n\t\t\t   <span itemprop='url' >https:\/\/gln.pt\/wp-content\/uploads\/Add_addictive_website.jpg<\/span>\r\n\t\t\t   <span itemprop='height' >1600<\/span>\r\n\t\t\t   <span itemprop='width' >900<\/span>\r\n\t\t\t<\/span>\r\n\t\t\t\t\t\t<span class=\"grve-structured-data vcard author\" itemprop=\"author\" itemscope itemtype=\"http:\/\/schema.org\/Person\">\r\n\t\t\t\t<span itemprop=\"name\" class=\"fn\">GLN<\/span>\r\n\t\t\t<\/span>\r\n\t\t\t<span class=\"grve-structured-data\" itemprop=\"publisher\" itemscope itemtype=\"http:\/\/schema.org\/Organization\">\r\n\t\t\t\t<span itemprop='name'>GLN<\/span>\r\n\t\t\t\t<span itemprop='logo' itemscope itemtype='http:\/\/schema.org\/ImageObject'>\r\n\t\t\t\t\t<span itemprop='url'>https:\/\/gln.pt\/wp-content\/uploads\/Add_addictive_website.jpg<\/span>\r\n\t\t\t\t<\/span>\r\n\t\t\t<\/span>\r\n\t\t\t\t\t\t<time class=\"grve-structured-data date published\" itemprop=\"datePublished\" datetime=\"2022-06-09T16:10:10+00:00\">2022-06-09<\/time>\r\n\t\t\t<time class=\"grve-structured-data date updated\" itemprop=\"dateModified\"  datetime=\"2022-06-17T16:28:00+00:00\">2022-06-17<\/time>\r\n\t\t\t<span class=\"grve-structured-data\" itemprop=\"mainEntityOfPage\" itemscope itemtype=\"http:\/\/schema.org\/WebPage\" itemid=\"https:\/\/gln.pt\/pt\/additive-manufacturing-closing-session\/\"><\/span>\r\n\t\t<\/span>\r\n\t\t\t\t\t\t\t\t\t\t\t\t\t\t\t\t\t\t\t\t<ul class=\"grve-post-meta\">\r\n\t\t\t\t\t\t\t\t\t\t<li class=\"grve-post-date\">\t<time class=\"\" datetime=\"2022-06-09T16:10:10+00:00\">\r\n\t\t2022-06-09\t<\/time>\r\n<\/li>\t\t\t\t\t\t\t\t\t\t<\/ul>\r\n\t\t\t\t\t\t\t\t\t\t\t\t\t\t\t\t\t\t<a href=\"https:\/\/gln.pt\/pt\/additive-manufacturing-closing-session\/\" rel=\"bookmark\"><h2 class=\"grve-post-title grve-post-title-hover grve-h4\" itemprop=\"name headline\">Additive Manufacturing &#8211; Sess\u00e3o de Encerramento<\/h2><\/a>\t\t\t\t\t\t\t\t<\/div>\r\n\t\t\t\t\t\t\t\t<div itemprop=\"articleBody\"><p>[vc_row][vc_column][vc_column_text]O projeto inovador \u201cAdd Additive Manufacturing\u201d ter\u00e1 a sua sess\u00e3o de encerramento e demonstra\u00e7\u00e3o de resultados no pr\u00f3ximo dia 22 de junho de 2022. Esta sess\u00e3o ser\u00e1 realizada em 2&hellip;<\/p><a class=\"grve-read-more grve-link-text grve-heading-color grve-text-hover-primary-1\" href=\"https:\/\/gln.pt\/pt\/additive-manufacturing-closing-session\/\"><span>ler mais<\/span><\/a><\/div>\t\t\t\t\t\t\t<\/div>\r\n\t\t\t\t\t\t<\/div>\r\n\t\t\t\t\t\r\n\t\t\t\t<\/div>\t\t\t<\/article>\r\n\r\n\t\t\t<article class=\"grve-blog-item grve-isotope-item post-18892 post type-post status-publish format-standard has-post-thumbnail hentry category-gln-innov\" itemscope itemType=\"http:\/\/schema.org\/BlogPosting\">\r\n\t\t\t\t<div class=\"grve-blog-item-inner grve-isotope-item-inner grve-fade-in-up\">\r\n\t\t\t\t\t\t\t\t\t\t\t\t\t<div class=\"grve-media\">\r\n\t\t\t<a class=\"grve-item-url\" href=\"https:\/\/gln.pt\/pt\/additive-manufacturing-ciclo-de-formacoes-online\/\"><\/a>\r\n\t\t\t<img loading=\"lazy\" decoding=\"async\" width=\"768\" height=\"432\" src=\"https:\/\/gln.pt\/wp-content\/uploads\/TEASER_FORMACAO_ADD-ADDITIVE-768x432.jpg\" class=\"attachment-medium_large size-medium_large wp-post-image\" alt=\"Additive Manufacturing - Ciclo de forma\u00e7\u00f5es online\" srcset=\"https:\/\/gln.pt\/wp-content\/uploads\/TEASER_FORMACAO_ADD-ADDITIVE-768x432.jpg 768w, https:\/\/gln.pt\/wp-content\/uploads\/TEASER_FORMACAO_ADD-ADDITIVE-300x169.jpg 300w, https:\/\/gln.pt\/wp-content\/uploads\/TEASER_FORMACAO_ADD-ADDITIVE-1024x576.jpg 1024w, https:\/\/gln.pt\/wp-content\/uploads\/TEASER_FORMACAO_ADD-ADDITIVE-1536x864.jpg 1536w, https:\/\/gln.pt\/wp-content\/uploads\/TEASER_FORMACAO_ADD-ADDITIVE-1170x658.jpg 1170w, https:\/\/gln.pt\/wp-content\/uploads\/TEASER_FORMACAO_ADD-ADDITIVE.jpg 1600w\" sizes=\"auto, (max-width: 768px) 100vw, 768px\" title=\"Additive Manufacturing - Ciclo de forma\u00e7\u00f5es online\" \/>\t\t\t<div class=\"grve-bg-black grve-hover-overlay grve-opacity-10\"><\/div>\r\n\t\t<\/div>\r\n\t\t\t\t\t\t<div class=\"grve-post-content-wrapper\">\r\n\t\t\t\t\t\t\t<div class=\"grve-post-content\">\r\n\t\t\t\t\t\t\t\t<div class=\"grve-post-header\">\r\n\t\t\t\t\t\t\t\t\t\t\t\t\t\t\t\t\t\t\t\t<span class=\"grve-hidden\">\r\n\t\t\t<span class=\"grve-structured-data entry-title\">Additive Manufacturing &#8211; Ciclo de forma\u00e7\u00f5es online<\/span>\r\n\t\t\t<span class=\"grve-structured-data\" itemprop=\"image\" itemscope itemtype=\"http:\/\/schema.org\/ImageObject\">\r\n\t\t\t   <span itemprop='url' >https:\/\/gln.pt\/wp-content\/uploads\/TEASER_FORMACAO_ADD-ADDITIVE.jpg<\/span>\r\n\t\t\t   <span itemprop='height' >1600<\/span>\r\n\t\t\t   <span itemprop='width' >900<\/span>\r\n\t\t\t<\/span>\r\n\t\t\t\t\t\t<span class=\"grve-structured-data vcard author\" itemprop=\"author\" itemscope itemtype=\"http:\/\/schema.org\/Person\">\r\n\t\t\t\t<span itemprop=\"name\" class=\"fn\">GLN<\/span>\r\n\t\t\t<\/span>\r\n\t\t\t<span class=\"grve-structured-data\" itemprop=\"publisher\" itemscope itemtype=\"http:\/\/schema.org\/Organization\">\r\n\t\t\t\t<span itemprop='name'>GLN<\/span>\r\n\t\t\t\t<span itemprop='logo' itemscope itemtype='http:\/\/schema.org\/ImageObject'>\r\n\t\t\t\t\t<span itemprop='url'>https:\/\/gln.pt\/wp-content\/uploads\/TEASER_FORMACAO_ADD-ADDITIVE.jpg<\/span>\r\n\t\t\t\t<\/span>\r\n\t\t\t<\/span>\r\n\t\t\t\t\t\t<time class=\"grve-structured-data date published\" itemprop=\"datePublished\" datetime=\"2022-04-13T14:09:08+00:00\">2022-04-13<\/time>\r\n\t\t\t<time class=\"grve-structured-data date updated\" itemprop=\"dateModified\"  datetime=\"2022-06-09T15:09:32+00:00\">2022-06-09<\/time>\r\n\t\t\t<span class=\"grve-structured-data\" itemprop=\"mainEntityOfPage\" itemscope itemtype=\"http:\/\/schema.org\/WebPage\" itemid=\"https:\/\/gln.pt\/pt\/additive-manufacturing-ciclo-de-formacoes-online\/\"><\/span>\r\n\t\t<\/span>\r\n\t\t\t\t\t\t\t\t\t\t\t\t\t\t\t\t\t\t\t\t<ul class=\"grve-post-meta\">\r\n\t\t\t\t\t\t\t\t\t\t<li class=\"grve-post-date\">\t<time class=\"\" datetime=\"2022-04-13T14:09:08+00:00\">\r\n\t\t2022-04-13\t<\/time>\r\n<\/li>\t\t\t\t\t\t\t\t\t\t<\/ul>\r\n\t\t\t\t\t\t\t\t\t\t\t\t\t\t\t\t\t\t<a href=\"https:\/\/gln.pt\/pt\/additive-manufacturing-ciclo-de-formacoes-online\/\" rel=\"bookmark\"><h2 class=\"grve-post-title grve-post-title-hover grve-h4\" itemprop=\"name headline\">Additive Manufacturing &#8211; Ciclo de forma\u00e7\u00f5es online<\/h2><\/a>\t\t\t\t\t\t\t\t<\/div>\r\n\t\t\t\t\t\t\t\t<div itemprop=\"articleBody\"><p>[vc_row][vc_column][vc_column_text]No \u00e2mbito do projeto ADD.ADDITIVE ir\u00e1 decorrer um breve ciclo de forma\u00e7\u00f5es com vista \u00e0 abordagem de um conjunto de tem\u00e1ticas multidisciplinares no \u00e2mbito do ecossistema Additive Manufacturing. Estas sess\u00f5es&hellip;<\/p><a class=\"grve-read-more grve-link-text grve-heading-color grve-text-hover-primary-1\" href=\"https:\/\/gln.pt\/pt\/additive-manufacturing-ciclo-de-formacoes-online\/\"><span>ler mais<\/span><\/a><\/div>\t\t\t\t\t\t\t<\/div>\r\n\t\t\t\t\t\t<\/div>\r\n\t\t\t\t\t\r\n\t\t\t\t<\/div>\t\t\t<\/article>\r\n\r\n\t\t\t<article class=\"grve-blog-item grve-isotope-item post-18871 post type-post status-publish format-standard has-post-thumbnail hentry category-internacionalizacao\" itemscope itemType=\"http:\/\/schema.org\/BlogPosting\">\r\n\t\t\t\t<div class=\"grve-blog-item-inner grve-isotope-item-inner grve-fade-in-up\">\r\n\t\t\t\t\t\t\t\t\t\t\t\t\t<div class=\"grve-media\">\r\n\t\t\t<a class=\"grve-item-url\" href=\"https:\/\/gln.pt\/pt\/plastimagen-2022\/\"><\/a>\r\n\t\t\t<img loading=\"lazy\" decoding=\"async\" width=\"768\" height=\"432\" src=\"https:\/\/gln.pt\/wp-content\/uploads\/Plastimagen-2022_GLN_Foto-team-768x432.jpg\" class=\"attachment-medium_large size-medium_large wp-post-image\" alt=\"GLN regressou \u00e0s feiras presenciais com a participa\u00e7\u00e3o na Plastimagen 2022\" srcset=\"https:\/\/gln.pt\/wp-content\/uploads\/Plastimagen-2022_GLN_Foto-team-768x432.jpg 768w, https:\/\/gln.pt\/wp-content\/uploads\/Plastimagen-2022_GLN_Foto-team-300x169.jpg 300w, https:\/\/gln.pt\/wp-content\/uploads\/Plastimagen-2022_GLN_Foto-team-1024x576.jpg 1024w, https:\/\/gln.pt\/wp-content\/uploads\/Plastimagen-2022_GLN_Foto-team-1536x864.jpg 1536w, https:\/\/gln.pt\/wp-content\/uploads\/Plastimagen-2022_GLN_Foto-team-1170x658.jpg 1170w, https:\/\/gln.pt\/wp-content\/uploads\/Plastimagen-2022_GLN_Foto-team.jpg 1600w\" sizes=\"auto, (max-width: 768px) 100vw, 768px\" title=\"GLN regressou \u00e0s feiras presenciais com a participa\u00e7\u00e3o na Plastimagen 2022\" \/>\t\t\t<div class=\"grve-bg-black grve-hover-overlay grve-opacity-10\"><\/div>\r\n\t\t<\/div>\r\n\t\t\t\t\t\t<div class=\"grve-post-content-wrapper\">\r\n\t\t\t\t\t\t\t<div class=\"grve-post-content\">\r\n\t\t\t\t\t\t\t\t<div class=\"grve-post-header\">\r\n\t\t\t\t\t\t\t\t\t\t\t\t\t\t\t\t\t\t\t\t<span class=\"grve-hidden\">\r\n\t\t\t<span class=\"grve-structured-data entry-title\">GLN regressou \u00e0s feiras presenciais com a participa\u00e7\u00e3o na Plastimagen 2022<\/span>\r\n\t\t\t<span class=\"grve-structured-data\" itemprop=\"image\" itemscope itemtype=\"http:\/\/schema.org\/ImageObject\">\r\n\t\t\t   <span itemprop='url' >https:\/\/gln.pt\/wp-content\/uploads\/Plastimagen-2022_GLN_Foto-team.jpg<\/span>\r\n\t\t\t   <span itemprop='height' >1600<\/span>\r\n\t\t\t   <span itemprop='width' >900<\/span>\r\n\t\t\t<\/span>\r\n\t\t\t\t\t\t<span class=\"grve-structured-data vcard author\" itemprop=\"author\" itemscope itemtype=\"http:\/\/schema.org\/Person\">\r\n\t\t\t\t<span itemprop=\"name\" class=\"fn\">GLN<\/span>\r\n\t\t\t<\/span>\r\n\t\t\t<span class=\"grve-structured-data\" itemprop=\"publisher\" itemscope itemtype=\"http:\/\/schema.org\/Organization\">\r\n\t\t\t\t<span itemprop='name'>GLN<\/span>\r\n\t\t\t\t<span itemprop='logo' itemscope itemtype='http:\/\/schema.org\/ImageObject'>\r\n\t\t\t\t\t<span itemprop='url'>https:\/\/gln.pt\/wp-content\/uploads\/Plastimagen-2022_GLN_Foto-team.jpg<\/span>\r\n\t\t\t\t<\/span>\r\n\t\t\t<\/span>\r\n\t\t\t\t\t\t<time class=\"grve-structured-data date published\" itemprop=\"datePublished\" datetime=\"2022-03-18T10:02:59+00:00\">2022-03-18<\/time>\r\n\t\t\t<time class=\"grve-structured-data date updated\" itemprop=\"dateModified\"  datetime=\"2022-03-18T10:02:59+00:00\">2022-03-18<\/time>\r\n\t\t\t<span class=\"grve-structured-data\" itemprop=\"mainEntityOfPage\" itemscope itemtype=\"http:\/\/schema.org\/WebPage\" itemid=\"https:\/\/gln.pt\/pt\/plastimagen-2022\/\"><\/span>\r\n\t\t<\/span>\r\n\t\t\t\t\t\t\t\t\t\t\t\t\t\t\t\t\t\t\t\t<ul class=\"grve-post-meta\">\r\n\t\t\t\t\t\t\t\t\t\t<li class=\"grve-post-date\">\t<time class=\"\" datetime=\"2022-03-18T10:02:59+00:00\">\r\n\t\t2022-03-18\t<\/time>\r\n<\/li>\t\t\t\t\t\t\t\t\t\t<\/ul>\r\n\t\t\t\t\t\t\t\t\t\t\t\t\t\t\t\t\t\t<a href=\"https:\/\/gln.pt\/pt\/plastimagen-2022\/\" rel=\"bookmark\"><h2 class=\"grve-post-title grve-post-title-hover grve-h4\" itemprop=\"name headline\">GLN regressou \u00e0s feiras presenciais com a participa\u00e7\u00e3o na Plastimagen 2022<\/h2><\/a>\t\t\t\t\t\t\t\t<\/div>\r\n\t\t\t\t\t\t\t\t<div itemprop=\"articleBody\"><p>[vc_row][vc_column][vc_column_text] A Plastimagen realizou-se na Cidade do M\u00e9xico entre 8 e 11 de mar\u00e7o de 2002, e a GLN esteve presente para dar a conhecer as novidades do Grupo no&hellip;<\/p><a class=\"grve-read-more grve-link-text grve-heading-color grve-text-hover-primary-1\" href=\"https:\/\/gln.pt\/pt\/plastimagen-2022\/\"><span>ler mais<\/span><\/a><\/div>\t\t\t\t\t\t\t<\/div>\r\n\t\t\t\t\t\t<\/div>\r\n\t\t\t\t\t\r\n\t\t\t\t<\/div>\t\t\t<\/article>\r\n\r\n\t\t\t<article class=\"grve-blog-item grve-isotope-item post-18564 post type-post status-publish format-standard has-post-thumbnail hentry category-editorial\" itemscope itemType=\"http:\/\/schema.org\/BlogPosting\">\r\n\t\t\t\t<div class=\"grve-blog-item-inner grve-isotope-item-inner grve-fade-in-up\">\r\n\t\t\t\t\t\t\t\t\t\t\t\t\t<div class=\"grve-media\">\r\n\t\t\t<a class=\"grve-item-url\" href=\"https:\/\/gln.pt\/pt\/estatuto-inovadora-cotec-2021\/\"><\/a>\r\n\t\t\t<img loading=\"lazy\" decoding=\"async\" width=\"768\" height=\"432\" src=\"https:\/\/gln.pt\/wp-content\/uploads\/imagem-de-fundo-noticia-cotec-768x432.jpg\" class=\"attachment-medium_large size-medium_large wp-post-image\" alt=\"Famolde e GLN Plast Inovadora Cotec 2021\" srcset=\"https:\/\/gln.pt\/wp-content\/uploads\/imagem-de-fundo-noticia-cotec-768x432.jpg 768w, https:\/\/gln.pt\/wp-content\/uploads\/imagem-de-fundo-noticia-cotec-300x169.jpg 300w, https:\/\/gln.pt\/wp-content\/uploads\/imagem-de-fundo-noticia-cotec-1024x576.jpg 1024w, https:\/\/gln.pt\/wp-content\/uploads\/imagem-de-fundo-noticia-cotec-1536x864.jpg 1536w, https:\/\/gln.pt\/wp-content\/uploads\/imagem-de-fundo-noticia-cotec-1170x658.jpg 1170w, https:\/\/gln.pt\/wp-content\/uploads\/imagem-de-fundo-noticia-cotec.jpg 1600w\" sizes=\"auto, (max-width: 768px) 100vw, 768px\" title=\"Estatuto INOVADORA COTEC 2021\" \/>\t\t\t<div class=\"grve-bg-black grve-hover-overlay grve-opacity-10\"><\/div>\r\n\t\t<\/div>\r\n\t\t\t\t\t\t<div class=\"grve-post-content-wrapper\">\r\n\t\t\t\t\t\t\t<div class=\"grve-post-content\">\r\n\t\t\t\t\t\t\t\t<div class=\"grve-post-header\">\r\n\t\t\t\t\t\t\t\t\t\t\t\t\t\t\t\t\t\t\t\t<span class=\"grve-hidden\">\r\n\t\t\t<span class=\"grve-structured-data entry-title\">Estatuto INOVADORA COTEC 2021<\/span>\r\n\t\t\t<span class=\"grve-structured-data\" itemprop=\"image\" itemscope itemtype=\"http:\/\/schema.org\/ImageObject\">\r\n\t\t\t   <span itemprop='url' >https:\/\/gln.pt\/wp-content\/uploads\/imagem-de-fundo-noticia-cotec.jpg<\/span>\r\n\t\t\t   <span itemprop='height' >1600<\/span>\r\n\t\t\t   <span itemprop='width' >900<\/span>\r\n\t\t\t<\/span>\r\n\t\t\t\t\t\t<span class=\"grve-structured-data vcard author\" itemprop=\"author\" itemscope itemtype=\"http:\/\/schema.org\/Person\">\r\n\t\t\t\t<span itemprop=\"name\" class=\"fn\">GLN<\/span>\r\n\t\t\t<\/span>\r\n\t\t\t<span class=\"grve-structured-data\" itemprop=\"publisher\" itemscope itemtype=\"http:\/\/schema.org\/Organization\">\r\n\t\t\t\t<span itemprop='name'>GLN<\/span>\r\n\t\t\t\t<span itemprop='logo' itemscope itemtype='http:\/\/schema.org\/ImageObject'>\r\n\t\t\t\t\t<span itemprop='url'>https:\/\/gln.pt\/wp-content\/uploads\/imagem-de-fundo-noticia-cotec.jpg<\/span>\r\n\t\t\t\t<\/span>\r\n\t\t\t<\/span>\r\n\t\t\t\t\t\t<time class=\"grve-structured-data date published\" itemprop=\"datePublished\" datetime=\"2021-08-20T15:43:08+00:00\">2021-08-20<\/time>\r\n\t\t\t<time class=\"grve-structured-data date updated\" itemprop=\"dateModified\"  datetime=\"2021-09-20T13:49:18+00:00\">2021-09-20<\/time>\r\n\t\t\t<span class=\"grve-structured-data\" itemprop=\"mainEntityOfPage\" itemscope itemtype=\"http:\/\/schema.org\/WebPage\" itemid=\"https:\/\/gln.pt\/pt\/estatuto-inovadora-cotec-2021\/\"><\/span>\r\n\t\t<\/span>\r\n\t\t\t\t\t\t\t\t\t\t\t\t\t\t\t\t\t\t\t\t<ul class=\"grve-post-meta\">\r\n\t\t\t\t\t\t\t\t\t\t<li class=\"grve-post-date\">\t<time class=\"\" datetime=\"2021-08-20T15:43:08+00:00\">\r\n\t\t2021-08-20\t<\/time>\r\n<\/li>\t\t\t\t\t\t\t\t\t\t<\/ul>\r\n\t\t\t\t\t\t\t\t\t\t\t\t\t\t\t\t\t\t<a href=\"https:\/\/gln.pt\/pt\/estatuto-inovadora-cotec-2021\/\" rel=\"bookmark\"><h2 class=\"grve-post-title grve-post-title-hover grve-h4\" itemprop=\"name headline\">Estatuto INOVADORA COTEC 2021<\/h2><\/a>\t\t\t\t\t\t\t\t<\/div>\r\n\t\t\t\t\t\t\t\t<div itemprop=\"articleBody\"><p>A Cotec Portugal distinguiu duas das empresas do Grupo GLN com o estatuto de INOVADORA COTEC 2021. Este selo pretende promover o reconhecimento p\u00fablico de empresas que, pelo seu desempenho&hellip;<\/p><a class=\"grve-read-more grve-link-text grve-heading-color grve-text-hover-primary-1\" href=\"https:\/\/gln.pt\/pt\/estatuto-inovadora-cotec-2021\/\"><span>ler mais<\/span><\/a><\/div>\t\t\t\t\t\t\t<\/div>\r\n\t\t\t\t\t\t<\/div>\r\n\t\t\t\t\t\r\n\t\t\t\t<\/div>\t\t\t<\/article>\r\n\r\n\t\t\t<article class=\"grve-blog-item grve-isotope-item post-17623 post type-post status-publish format-standard has-post-thumbnail hentry category-eventos tag-best-supplier tag-premio tag-sogefi\" itemscope itemType=\"http:\/\/schema.org\/BlogPosting\">\r\n\t\t\t\t<div class=\"grve-blog-item-inner grve-isotope-item-inner grve-fade-in-up\">\r\n\t\t\t\t\t\t\t\t\t\t\t\t\t<div class=\"grve-media\">\r\n\t\t\t<a class=\"grve-item-url\" href=\"https:\/\/gln.pt\/pt\/best-supplier-2019-sogefi\/\"><\/a>\r\n\t\t\t<img loading=\"lazy\" decoding=\"async\" width=\"768\" height=\"432\" src=\"https:\/\/gln.pt\/wp-content\/uploads\/GLN-the-best-supplier-2019-min-768x432.jpg\" class=\"attachment-medium_large size-medium_large wp-post-image\" alt=\"GLN recebe pr\u00e9mio de Best Supplier 2019 da Sogefi\" srcset=\"https:\/\/gln.pt\/wp-content\/uploads\/GLN-the-best-supplier-2019-min-768x432.jpg 768w, https:\/\/gln.pt\/wp-content\/uploads\/GLN-the-best-supplier-2019-min-300x169.jpg 300w, https:\/\/gln.pt\/wp-content\/uploads\/GLN-the-best-supplier-2019-min-1024x576.jpg 1024w, https:\/\/gln.pt\/wp-content\/uploads\/GLN-the-best-supplier-2019-min-1536x864.jpg 1536w, https:\/\/gln.pt\/wp-content\/uploads\/GLN-the-best-supplier-2019-min-1170x658.jpg 1170w, https:\/\/gln.pt\/wp-content\/uploads\/GLN-the-best-supplier-2019-min.jpg 1600w\" sizes=\"auto, (max-width: 768px) 100vw, 768px\" title=\"GLN recebe pr\u00e9mio de Best Supplier 2019 da Sogefi\" \/>\t\t\t<div class=\"grve-bg-black grve-hover-overlay grve-opacity-10\"><\/div>\r\n\t\t<\/div>\r\n\t\t\t\t\t\t<div class=\"grve-post-content-wrapper\">\r\n\t\t\t\t\t\t\t<div class=\"grve-post-content\">\r\n\t\t\t\t\t\t\t\t<div class=\"grve-post-header\">\r\n\t\t\t\t\t\t\t\t\t\t\t\t\t\t\t\t\t\t\t\t<span class=\"grve-hidden\">\r\n\t\t\t<span class=\"grve-structured-data entry-title\">GLN recebe pr\u00e9mio de Best Supplier 2019 da Sogefi<\/span>\r\n\t\t\t<span class=\"grve-structured-data\" itemprop=\"image\" itemscope itemtype=\"http:\/\/schema.org\/ImageObject\">\r\n\t\t\t   <span itemprop='url' >https:\/\/gln.pt\/wp-content\/uploads\/GLN-the-best-supplier-2019-min.jpg<\/span>\r\n\t\t\t   <span itemprop='height' >1600<\/span>\r\n\t\t\t   <span itemprop='width' >900<\/span>\r\n\t\t\t<\/span>\r\n\t\t\t\t\t\t<span class=\"grve-structured-data vcard author\" itemprop=\"author\" itemscope itemtype=\"http:\/\/schema.org\/Person\">\r\n\t\t\t\t<span itemprop=\"name\" class=\"fn\">GLN<\/span>\r\n\t\t\t<\/span>\r\n\t\t\t<span class=\"grve-structured-data\" itemprop=\"publisher\" itemscope itemtype=\"http:\/\/schema.org\/Organization\">\r\n\t\t\t\t<span itemprop='name'>GLN<\/span>\r\n\t\t\t\t<span itemprop='logo' itemscope itemtype='http:\/\/schema.org\/ImageObject'>\r\n\t\t\t\t\t<span itemprop='url'>https:\/\/gln.pt\/wp-content\/uploads\/GLN-the-best-supplier-2019-min.jpg<\/span>\r\n\t\t\t\t<\/span>\r\n\t\t\t<\/span>\r\n\t\t\t\t\t\t<time class=\"grve-structured-data date published\" itemprop=\"datePublished\" datetime=\"2020-02-06T10:47:38+00:00\">2020-02-06<\/time>\r\n\t\t\t<time class=\"grve-structured-data date updated\" itemprop=\"dateModified\"  datetime=\"2021-09-20T13:49:29+00:00\">2021-09-20<\/time>\r\n\t\t\t<span class=\"grve-structured-data\" itemprop=\"mainEntityOfPage\" itemscope itemtype=\"http:\/\/schema.org\/WebPage\" itemid=\"https:\/\/gln.pt\/pt\/best-supplier-2019-sogefi\/\"><\/span>\r\n\t\t<\/span>\r\n\t\t\t\t\t\t\t\t\t\t\t\t\t\t\t\t\t\t\t\t<ul class=\"grve-post-meta\">\r\n\t\t\t\t\t\t\t\t\t\t<li class=\"grve-post-date\">\t<time class=\"\" datetime=\"2020-02-06T10:47:38+00:00\">\r\n\t\t2020-02-06\t<\/time>\r\n<\/li>\t\t\t\t\t\t\t\t\t\t<\/ul>\r\n\t\t\t\t\t\t\t\t\t\t\t\t\t\t\t\t\t\t<a href=\"https:\/\/gln.pt\/pt\/best-supplier-2019-sogefi\/\" rel=\"bookmark\"><h2 class=\"grve-post-title grve-post-title-hover grve-h4\" itemprop=\"name headline\">GLN recebe pr\u00e9mio de Best Supplier 2019 da Sogefi<\/h2><\/a>\t\t\t\t\t\t\t\t<\/div>\r\n\t\t\t\t\t\t\t\t<div itemprop=\"articleBody\"><p>No evento anual de fornecedores da Sogefi, a GLN Molds recebeu o pr\u00e9mio de \u201cBest Supplier For Indirect Equipment and Tooling 2019.<\/p>\n<a class=\"grve-read-more grve-link-text grve-heading-color grve-text-hover-primary-1\" href=\"https:\/\/gln.pt\/pt\/best-supplier-2019-sogefi\/\"><span>ler mais<\/span><\/a><\/div>\t\t\t\t\t\t\t<\/div>\r\n\t\t\t\t\t\t<\/div>\r\n\t\t\t\t\t\r\n\t\t\t\t<\/div>\t\t\t<\/article>\r\n\r\n\t\t\t<article class=\"grve-blog-item grve-isotope-item post-17588 post type-post status-publish format-video has-post-thumbnail hentry category-editorial post_format-post-format-video\" itemscope itemType=\"http:\/\/schema.org\/BlogPosting\">\r\n\t\t\t\t<div class=\"grve-blog-item-inner grve-isotope-item-inner grve-fade-in-up\">\r\n\t\t\t\t\t\t\t\t\t\t\t\t\t<div class=\"grve-media\">\r\n\t\t\t<a class=\"grve-item-url\" href=\"https:\/\/gln.pt\/pt\/gln-reconhecida-como-rainha-dos-moldes-do-mundo-automovel\/\"><\/a>\r\n\t\t\t<img loading=\"lazy\" decoding=\"async\" width=\"768\" height=\"432\" src=\"https:\/\/gln.pt\/wp-content\/uploads\/GLN-entrevista-video-min-768x432.jpg\" class=\"attachment-medium_large size-medium_large wp-post-image\" alt=\"GLN reconhecida como \u201cRainha dos Moldes\u201d do mundo autom\u00f3vel\" srcset=\"https:\/\/gln.pt\/wp-content\/uploads\/GLN-entrevista-video-min-768x432.jpg 768w, https:\/\/gln.pt\/wp-content\/uploads\/GLN-entrevista-video-min-300x169.jpg 300w, https:\/\/gln.pt\/wp-content\/uploads\/GLN-entrevista-video-min-1024x576.jpg 1024w, https:\/\/gln.pt\/wp-content\/uploads\/GLN-entrevista-video-min-1170x658.jpg 1170w, https:\/\/gln.pt\/wp-content\/uploads\/GLN-entrevista-video-min-1920x1080.jpg 1920w, https:\/\/gln.pt\/wp-content\/uploads\/GLN-entrevista-video-min.jpg 1600w\" sizes=\"auto, (max-width: 768px) 100vw, 768px\" title=\"GLN reconhecida como \u201cRainha dos Moldes\u201d do mundo autom\u00f3vel\" \/>\t\t\t<div class=\"grve-bg-black grve-hover-overlay grve-opacity-10\"><\/div>\r\n\t\t<\/div>\r\n\t\t\t\t\t\t<div class=\"grve-post-content-wrapper\">\r\n\t\t\t\t\t\t\t<div class=\"grve-post-content\">\r\n\t\t\t\t\t\t\t\t<div class=\"grve-post-header\">\r\n\t\t\t\t\t\t\t\t\t\t\t\t\t\t\t\t\t\t\t\t<span class=\"grve-hidden\">\r\n\t\t\t<span class=\"grve-structured-data entry-title\">GLN reconhecida como \u201cRainha dos Moldes\u201d do mundo autom\u00f3vel<\/span>\r\n\t\t\t<span class=\"grve-structured-data\" itemprop=\"image\" itemscope itemtype=\"http:\/\/schema.org\/ImageObject\">\r\n\t\t\t   <span itemprop='url' >https:\/\/gln.pt\/wp-content\/uploads\/GLN-entrevista-video-min.jpg<\/span>\r\n\t\t\t   <span itemprop='height' >1600<\/span>\r\n\t\t\t   <span itemprop='width' >900<\/span>\r\n\t\t\t<\/span>\r\n\t\t\t\t\t\t<span class=\"grve-structured-data vcard author\" itemprop=\"author\" itemscope itemtype=\"http:\/\/schema.org\/Person\">\r\n\t\t\t\t<span itemprop=\"name\" class=\"fn\">GLN<\/span>\r\n\t\t\t<\/span>\r\n\t\t\t<span class=\"grve-structured-data\" itemprop=\"publisher\" itemscope itemtype=\"http:\/\/schema.org\/Organization\">\r\n\t\t\t\t<span itemprop='name'>GLN<\/span>\r\n\t\t\t\t<span itemprop='logo' itemscope itemtype='http:\/\/schema.org\/ImageObject'>\r\n\t\t\t\t\t<span itemprop='url'>https:\/\/gln.pt\/wp-content\/uploads\/GLN-entrevista-video-min.jpg<\/span>\r\n\t\t\t\t<\/span>\r\n\t\t\t<\/span>\r\n\t\t\t\t\t\t<time class=\"grve-structured-data date published\" itemprop=\"datePublished\" datetime=\"2019-10-31T16:16:38+00:00\">2019-10-31<\/time>\r\n\t\t\t<time class=\"grve-structured-data date updated\" itemprop=\"dateModified\"  datetime=\"2021-09-20T13:49:29+00:00\">2021-09-20<\/time>\r\n\t\t\t<span class=\"grve-structured-data\" itemprop=\"mainEntityOfPage\" itemscope itemtype=\"http:\/\/schema.org\/WebPage\" itemid=\"https:\/\/gln.pt\/pt\/gln-reconhecida-como-rainha-dos-moldes-do-mundo-automovel\/\"><\/span>\r\n\t\t<\/span>\r\n\t\t\t\t\t\t\t\t\t\t\t\t\t\t\t\t\t\t\t\t<ul class=\"grve-post-meta\">\r\n\t\t\t\t\t\t\t\t\t\t<li class=\"grve-post-date\">\t<time class=\"\" datetime=\"2019-10-31T16:16:38+00:00\">\r\n\t\t2019-10-31\t<\/time>\r\n<\/li>\t\t\t\t\t\t\t\t\t\t<\/ul>\r\n\t\t\t\t\t\t\t\t\t\t\t\t\t\t\t\t\t\t<a href=\"https:\/\/gln.pt\/pt\/gln-reconhecida-como-rainha-dos-moldes-do-mundo-automovel\/\" rel=\"bookmark\"><h2 class=\"grve-post-title grve-post-title-hover grve-h4\" itemprop=\"name headline\">GLN reconhecida como \u201cRainha dos Moldes\u201d do mundo autom\u00f3vel<\/h2><\/a>\t\t\t\t\t\t\t\t<\/div>\r\n\t\t\t\t\t\t\t\t<div itemprop=\"articleBody\"><p>O Dinheiro Vivo entrevistou o nosso CEO, Jos\u00e9 Carlos Gomes, numa entrevista na qual explica o processo de fabrico dos Moldes e Injec\u00e7\u00e3o de pl\u00e1sticos da GLN.<\/p>\n<a class=\"grve-read-more grve-link-text grve-heading-color grve-text-hover-primary-1\" href=\"https:\/\/gln.pt\/pt\/gln-reconhecida-como-rainha-dos-moldes-do-mundo-automovel\/\"><span>ler mais<\/span><\/a><\/div>\t\t\t\t\t\t\t<\/div>\r\n\t\t\t\t\t\t<\/div>\r\n\t\t\t\t\t\r\n\t\t\t\t<\/div>\t\t\t<\/article>\r\n\r\n\t\t\t<article class=\"grve-blog-item grve-isotope-item post-17560 post type-post status-publish format-standard has-post-thumbnail hentry category-eventos\" itemscope itemType=\"http:\/\/schema.org\/BlogPosting\">\r\n\t\t\t\t<div class=\"grve-blog-item-inner grve-isotope-item-inner grve-fade-in-up\">\r\n\t\t\t\t\t\t\t\t\t\t\t\t\t<div class=\"grve-media\">\r\n\t\t\t<a class=\"grve-item-url\" href=\"https:\/\/gln.pt\/pt\/dia-gln-2019\/\"><\/a>\r\n\t\t\t<img loading=\"lazy\" decoding=\"async\" width=\"768\" height=\"432\" src=\"https:\/\/gln.pt\/wp-content\/uploads\/dia-GLN-2019-min-1-768x432.jpg\" class=\"attachment-medium_large size-medium_large wp-post-image\" alt=\"Dia GLN 2019\" srcset=\"https:\/\/gln.pt\/wp-content\/uploads\/dia-GLN-2019-min-1-768x432.jpg 768w, https:\/\/gln.pt\/wp-content\/uploads\/dia-GLN-2019-min-1-300x169.jpg 300w, https:\/\/gln.pt\/wp-content\/uploads\/dia-GLN-2019-min-1-1024x576.jpg 1024w, https:\/\/gln.pt\/wp-content\/uploads\/dia-GLN-2019-min-1-1170x658.jpg 1170w, https:\/\/gln.pt\/wp-content\/uploads\/dia-GLN-2019-min-1-1920x1080.jpg 1920w, https:\/\/gln.pt\/wp-content\/uploads\/dia-GLN-2019-min-1.jpg 1600w\" sizes=\"auto, (max-width: 768px) 100vw, 768px\" title=\"Dia GLN 2019\" \/>\t\t\t<div class=\"grve-bg-black grve-hover-overlay grve-opacity-10\"><\/div>\r\n\t\t<\/div>\r\n\t\t\t\t\t\t<div class=\"grve-post-content-wrapper\">\r\n\t\t\t\t\t\t\t<div class=\"grve-post-content\">\r\n\t\t\t\t\t\t\t\t<div class=\"grve-post-header\">\r\n\t\t\t\t\t\t\t\t\t\t\t\t\t\t\t\t\t\t\t\t<span class=\"grve-hidden\">\r\n\t\t\t<span class=\"grve-structured-data entry-title\">Dia GLN 2019<\/span>\r\n\t\t\t<span class=\"grve-structured-data\" itemprop=\"image\" itemscope itemtype=\"http:\/\/schema.org\/ImageObject\">\r\n\t\t\t   <span itemprop='url' >https:\/\/gln.pt\/wp-content\/uploads\/dia-GLN-2019-min-1.jpg<\/span>\r\n\t\t\t   <span itemprop='height' >1600<\/span>\r\n\t\t\t   <span itemprop='width' >900<\/span>\r\n\t\t\t<\/span>\r\n\t\t\t\t\t\t<span class=\"grve-structured-data vcard author\" itemprop=\"author\" itemscope itemtype=\"http:\/\/schema.org\/Person\">\r\n\t\t\t\t<span itemprop=\"name\" class=\"fn\">GLN<\/span>\r\n\t\t\t<\/span>\r\n\t\t\t<span class=\"grve-structured-data\" itemprop=\"publisher\" itemscope itemtype=\"http:\/\/schema.org\/Organization\">\r\n\t\t\t\t<span itemprop='name'>GLN<\/span>\r\n\t\t\t\t<span itemprop='logo' itemscope itemtype='http:\/\/schema.org\/ImageObject'>\r\n\t\t\t\t\t<span itemprop='url'>https:\/\/gln.pt\/wp-content\/uploads\/dia-GLN-2019-min-1.jpg<\/span>\r\n\t\t\t\t<\/span>\r\n\t\t\t<\/span>\r\n\t\t\t\t\t\t<time class=\"grve-structured-data date published\" itemprop=\"datePublished\" datetime=\"2019-09-26T11:32:51+00:00\">2019-09-26<\/time>\r\n\t\t\t<time class=\"grve-structured-data date updated\" itemprop=\"dateModified\"  datetime=\"2021-09-20T13:49:33+00:00\">2021-09-20<\/time>\r\n\t\t\t<span class=\"grve-structured-data\" itemprop=\"mainEntityOfPage\" itemscope itemtype=\"http:\/\/schema.org\/WebPage\" itemid=\"https:\/\/gln.pt\/pt\/dia-gln-2019\/\"><\/span>\r\n\t\t<\/span>\r\n\t\t\t\t\t\t\t\t\t\t\t\t\t\t\t\t\t\t\t\t<ul class=\"grve-post-meta\">\r\n\t\t\t\t\t\t\t\t\t\t<li class=\"grve-post-date\">\t<time class=\"\" datetime=\"2019-09-26T11:32:51+00:00\">\r\n\t\t2019-09-26\t<\/time>\r\n<\/li>\t\t\t\t\t\t\t\t\t\t<\/ul>\r\n\t\t\t\t\t\t\t\t\t\t\t\t\t\t\t\t\t\t<a href=\"https:\/\/gln.pt\/pt\/dia-gln-2019\/\" rel=\"bookmark\"><h2 class=\"grve-post-title grve-post-title-hover grve-h4\" itemprop=\"name headline\">Dia GLN 2019<\/h2><\/a>\t\t\t\t\t\t\t\t<\/div>\r\n\t\t\t\t\t\t\t\t<div itemprop=\"articleBody\"><p>No passado dia 21 de Setembro de 2019, realiz\u00e1mos mais uma edi\u00e7\u00e3o do evento anual do Dia GLN.<\/p>\n<a class=\"grve-read-more grve-link-text grve-heading-color grve-text-hover-primary-1\" href=\"https:\/\/gln.pt\/pt\/dia-gln-2019\/\"><span>ler mais<\/span><\/a><\/div>\t\t\t\t\t\t\t<\/div>\r\n\t\t\t\t\t\t<\/div>\r\n\t\t\t\t\t\r\n\t\t\t\t<\/div>\t\t\t<\/article>\r\n\r\n\t\t\t<article class=\"grve-blog-item grve-isotope-item post-17542 post type-post status-publish format-standard has-post-thumbnail hentry category-eventos\" itemscope itemType=\"http:\/\/schema.org\/BlogPosting\">\r\n\t\t\t\t<div class=\"grve-blog-item-inner grve-isotope-item-inner grve-fade-in-up\">\r\n\t\t\t\t\t\t\t\t\t\t\t\t\t<div class=\"grve-media\">\r\n\t\t\t<a class=\"grve-item-url\" href=\"https:\/\/gln.pt\/pt\/gln-mexico-certifica-se-na-norma-iatf-169492016\/\"><\/a>\r\n\t\t\t<img loading=\"lazy\" decoding=\"async\" width=\"768\" height=\"432\" src=\"https:\/\/gln.pt\/wp-content\/uploads\/GLN-mexico-IATF-16949-2016-min-768x432.jpg\" class=\"attachment-medium_large size-medium_large wp-post-image\" alt=\"GLN M\u00e9xico certifica-se na norma IATF 16949:2016\" srcset=\"https:\/\/gln.pt\/wp-content\/uploads\/GLN-mexico-IATF-16949-2016-min-768x432.jpg 768w, https:\/\/gln.pt\/wp-content\/uploads\/GLN-mexico-IATF-16949-2016-min-300x169.jpg 300w, https:\/\/gln.pt\/wp-content\/uploads\/GLN-mexico-IATF-16949-2016-min-1024x576.jpg 1024w, https:\/\/gln.pt\/wp-content\/uploads\/GLN-mexico-IATF-16949-2016-min-1170x658.jpg 1170w, https:\/\/gln.pt\/wp-content\/uploads\/GLN-mexico-IATF-16949-2016-min-1920x1080.jpg 1920w, https:\/\/gln.pt\/wp-content\/uploads\/GLN-mexico-IATF-16949-2016-min.jpg 1600w\" sizes=\"auto, (max-width: 768px) 100vw, 768px\" title=\"GLN M\u00e9xico certifica-se na norma IATF 16949:2016\" \/>\t\t\t<div class=\"grve-bg-black grve-hover-overlay grve-opacity-10\"><\/div>\r\n\t\t<\/div>\r\n\t\t\t\t\t\t<div class=\"grve-post-content-wrapper\">\r\n\t\t\t\t\t\t\t<div class=\"grve-post-content\">\r\n\t\t\t\t\t\t\t\t<div class=\"grve-post-header\">\r\n\t\t\t\t\t\t\t\t\t\t\t\t\t\t\t\t\t\t\t\t<span class=\"grve-hidden\">\r\n\t\t\t<span class=\"grve-structured-data entry-title\">GLN M\u00e9xico certifica-se na norma IATF 16949:2016<\/span>\r\n\t\t\t<span class=\"grve-structured-data\" itemprop=\"image\" itemscope itemtype=\"http:\/\/schema.org\/ImageObject\">\r\n\t\t\t   <span itemprop='url' >https:\/\/gln.pt\/wp-content\/uploads\/GLN-mexico-IATF-16949-2016-min.jpg<\/span>\r\n\t\t\t   <span itemprop='height' >1600<\/span>\r\n\t\t\t   <span itemprop='width' >900<\/span>\r\n\t\t\t<\/span>\r\n\t\t\t\t\t\t<span class=\"grve-structured-data vcard author\" itemprop=\"author\" itemscope itemtype=\"http:\/\/schema.org\/Person\">\r\n\t\t\t\t<span itemprop=\"name\" class=\"fn\">GLN<\/span>\r\n\t\t\t<\/span>\r\n\t\t\t<span class=\"grve-structured-data\" itemprop=\"publisher\" itemscope itemtype=\"http:\/\/schema.org\/Organization\">\r\n\t\t\t\t<span itemprop='name'>GLN<\/span>\r\n\t\t\t\t<span itemprop='logo' itemscope itemtype='http:\/\/schema.org\/ImageObject'>\r\n\t\t\t\t\t<span itemprop='url'>https:\/\/gln.pt\/wp-content\/uploads\/GLN-mexico-IATF-16949-2016-min.jpg<\/span>\r\n\t\t\t\t<\/span>\r\n\t\t\t<\/span>\r\n\t\t\t\t\t\t<time class=\"grve-structured-data date published\" itemprop=\"datePublished\" datetime=\"2019-09-17T09:03:20+00:00\">2019-09-17<\/time>\r\n\t\t\t<time class=\"grve-structured-data date updated\" itemprop=\"dateModified\"  datetime=\"2021-09-20T13:49:33+00:00\">2021-09-20<\/time>\r\n\t\t\t<span class=\"grve-structured-data\" itemprop=\"mainEntityOfPage\" itemscope itemtype=\"http:\/\/schema.org\/WebPage\" itemid=\"https:\/\/gln.pt\/pt\/gln-mexico-certifica-se-na-norma-iatf-169492016\/\"><\/span>\r\n\t\t<\/span>\r\n\t\t\t\t\t\t\t\t\t\t\t\t\t\t\t\t\t\t\t\t<ul class=\"grve-post-meta\">\r\n\t\t\t\t\t\t\t\t\t\t<li class=\"grve-post-date\">\t<time class=\"\" datetime=\"2019-09-17T09:03:20+00:00\">\r\n\t\t2019-09-17\t<\/time>\r\n<\/li>\t\t\t\t\t\t\t\t\t\t<\/ul>\r\n\t\t\t\t\t\t\t\t\t\t\t\t\t\t\t\t\t\t<a href=\"https:\/\/gln.pt\/pt\/gln-mexico-certifica-se-na-norma-iatf-169492016\/\" rel=\"bookmark\"><h2 class=\"grve-post-title grve-post-title-hover grve-h4\" itemprop=\"name headline\">GLN M\u00e9xico certifica-se na norma IATF 16949:2016<\/h2><\/a>\t\t\t\t\t\t\t\t<\/div>\r\n\t\t\t\t\t\t\t\t<div itemprop=\"articleBody\"><p>A GLN M\u00e9xico deu mais um passo na estrat\u00e9gia de crescimento para a Am\u00e9rica do Norte, certificando-se na norma IATF 16949:2016.<\/p>\n<a class=\"grve-read-more grve-link-text grve-heading-color grve-text-hover-primary-1\" href=\"https:\/\/gln.pt\/pt\/gln-mexico-certifica-se-na-norma-iatf-169492016\/\"><span>ler mais<\/span><\/a><\/div>\t\t\t\t\t\t\t<\/div>\r\n\t\t\t\t\t\t<\/div>\r\n\t\t\t\t\t\r\n\t\t\t\t<\/div>\t\t\t<\/article>\r\n\r\n\t\t\t<article class=\"grve-blog-item grve-isotope-item post-17539 post type-post status-publish format-standard has-post-thumbnail hentry category-internacionalizacao\" itemscope itemType=\"http:\/\/schema.org\/BlogPosting\">\r\n\t\t\t\t<div class=\"grve-blog-item-inner grve-isotope-item-inner grve-fade-in-up\">\r\n\t\t\t\t\t\t\t\t\t\t\t\t\t<div class=\"grve-media\">\r\n\t\t\t<a class=\"grve-item-url\" href=\"https:\/\/gln.pt\/pt\/gln-marca-presenca-na-feira-k-2019\/\"><\/a>\r\n\t\t\t<img loading=\"lazy\" decoding=\"async\" width=\"768\" height=\"432\" src=\"https:\/\/gln.pt\/wp-content\/uploads\/GLN-feira-k-2019-min-768x432.jpg\" class=\"attachment-medium_large size-medium_large wp-post-image\" alt=\"GLN marca presen\u00e7a na Feira K 2019\" srcset=\"https:\/\/gln.pt\/wp-content\/uploads\/GLN-feira-k-2019-min-768x432.jpg 768w, https:\/\/gln.pt\/wp-content\/uploads\/GLN-feira-k-2019-min-300x169.jpg 300w, https:\/\/gln.pt\/wp-content\/uploads\/GLN-feira-k-2019-min-1024x576.jpg 1024w, https:\/\/gln.pt\/wp-content\/uploads\/GLN-feira-k-2019-min-1170x658.jpg 1170w, https:\/\/gln.pt\/wp-content\/uploads\/GLN-feira-k-2019-min-1920x1080.jpg 1920w, https:\/\/gln.pt\/wp-content\/uploads\/GLN-feira-k-2019-min.jpg 1600w\" sizes=\"auto, (max-width: 768px) 100vw, 768px\" title=\"GLN marca presen\u00e7a na Feira K 2019\" \/>\t\t\t<div class=\"grve-bg-black grve-hover-overlay grve-opacity-10\"><\/div>\r\n\t\t<\/div>\r\n\t\t\t\t\t\t<div class=\"grve-post-content-wrapper\">\r\n\t\t\t\t\t\t\t<div class=\"grve-post-content\">\r\n\t\t\t\t\t\t\t\t<div class=\"grve-post-header\">\r\n\t\t\t\t\t\t\t\t\t\t\t\t\t\t\t\t\t\t\t\t<span class=\"grve-hidden\">\r\n\t\t\t<span class=\"grve-structured-data entry-title\">GLN marca presen\u00e7a na Feira K 2019<\/span>\r\n\t\t\t<span class=\"grve-structured-data\" itemprop=\"image\" itemscope itemtype=\"http:\/\/schema.org\/ImageObject\">\r\n\t\t\t   <span itemprop='url' >https:\/\/gln.pt\/wp-content\/uploads\/GLN-feira-k-2019-min.jpg<\/span>\r\n\t\t\t   <span itemprop='height' >1600<\/span>\r\n\t\t\t   <span itemprop='width' >900<\/span>\r\n\t\t\t<\/span>\r\n\t\t\t\t\t\t<span class=\"grve-structured-data vcard author\" itemprop=\"author\" itemscope itemtype=\"http:\/\/schema.org\/Person\">\r\n\t\t\t\t<span itemprop=\"name\" class=\"fn\">GLN<\/span>\r\n\t\t\t<\/span>\r\n\t\t\t<span class=\"grve-structured-data\" itemprop=\"publisher\" itemscope itemtype=\"http:\/\/schema.org\/Organization\">\r\n\t\t\t\t<span itemprop='name'>GLN<\/span>\r\n\t\t\t\t<span itemprop='logo' itemscope itemtype='http:\/\/schema.org\/ImageObject'>\r\n\t\t\t\t\t<span itemprop='url'>https:\/\/gln.pt\/wp-content\/uploads\/GLN-feira-k-2019-min.jpg<\/span>\r\n\t\t\t\t<\/span>\r\n\t\t\t<\/span>\r\n\t\t\t\t\t\t<time class=\"grve-structured-data date published\" itemprop=\"datePublished\" datetime=\"2019-08-07T08:58:36+00:00\">2019-08-07<\/time>\r\n\t\t\t<time class=\"grve-structured-data date updated\" itemprop=\"dateModified\"  datetime=\"2021-09-20T13:49:33+00:00\">2021-09-20<\/time>\r\n\t\t\t<span class=\"grve-structured-data\" itemprop=\"mainEntityOfPage\" itemscope itemtype=\"http:\/\/schema.org\/WebPage\" itemid=\"https:\/\/gln.pt\/pt\/gln-marca-presenca-na-feira-k-2019\/\"><\/span>\r\n\t\t<\/span>\r\n\t\t\t\t\t\t\t\t\t\t\t\t\t\t\t\t\t\t\t\t<ul class=\"grve-post-meta\">\r\n\t\t\t\t\t\t\t\t\t\t<li class=\"grve-post-date\">\t<time class=\"\" datetime=\"2019-08-07T08:58:36+00:00\">\r\n\t\t2019-08-07\t<\/time>\r\n<\/li>\t\t\t\t\t\t\t\t\t\t<\/ul>\r\n\t\t\t\t\t\t\t\t\t\t\t\t\t\t\t\t\t\t<a href=\"https:\/\/gln.pt\/pt\/gln-marca-presenca-na-feira-k-2019\/\" rel=\"bookmark\"><h2 class=\"grve-post-title grve-post-title-hover grve-h4\" itemprop=\"name headline\">GLN marca presen\u00e7a na Feira K 2019<\/h2><\/a>\t\t\t\t\t\t\t\t<\/div>\r\n\t\t\t\t\t\t\t\t<div itemprop=\"articleBody\"><p>A GLN vai estar presente na Feira K 2019, que ir\u00e1 realizar-se de 16 a 23 de Outubro, em D\u00fcsseldorf.\u00a0<\/p>\n<a class=\"grve-read-more grve-link-text grve-heading-color grve-text-hover-primary-1\" href=\"https:\/\/gln.pt\/pt\/gln-marca-presenca-na-feira-k-2019\/\"><span>ler mais<\/span><\/a><\/div>\t\t\t\t\t\t\t<\/div>\r\n\t\t\t\t\t\t<\/div>\r\n\t\t\t\t\t\r\n\t\t\t\t<\/div>\t\t\t<\/article>\r\n\r\n\t\t\t<article class=\"grve-blog-item grve-isotope-item post-17536 post type-post status-publish format-standard has-post-thumbnail hentry category-editorial\" itemscope itemType=\"http:\/\/schema.org\/BlogPosting\">\r\n\t\t\t\t<div class=\"grve-blog-item-inner grve-isotope-item-inner grve-fade-in-up\">\r\n\t\t\t\t\t\t\t\t\t\t\t\t\t<div class=\"grve-media\">\r\n\t\t\t<a class=\"grve-item-url\" href=\"https:\/\/gln.pt\/pt\/gln-distinguida-como-parceira-da-delta-na-1o-capsula-de-cafe-biodegradavel\/\"><\/a>\r\n\t\t\t<img loading=\"lazy\" decoding=\"async\" width=\"768\" height=\"432\" src=\"https:\/\/gln.pt\/wp-content\/uploads\/GLN-primeira-capsula-biodegradavel-min-768x432.jpg\" class=\"attachment-medium_large size-medium_large wp-post-image\" alt=\"GLN distinguida como parceira da Delta na 1\u00ba Capsula de Caf\u00e9 Biodegrad\u00e1vel\" srcset=\"https:\/\/gln.pt\/wp-content\/uploads\/GLN-primeira-capsula-biodegradavel-min-768x432.jpg 768w, https:\/\/gln.pt\/wp-content\/uploads\/GLN-primeira-capsula-biodegradavel-min-300x169.jpg 300w, https:\/\/gln.pt\/wp-content\/uploads\/GLN-primeira-capsula-biodegradavel-min-1024x576.jpg 1024w, https:\/\/gln.pt\/wp-content\/uploads\/GLN-primeira-capsula-biodegradavel-min-1170x658.jpg 1170w, https:\/\/gln.pt\/wp-content\/uploads\/GLN-primeira-capsula-biodegradavel-min-1920x1080.jpg 1920w, https:\/\/gln.pt\/wp-content\/uploads\/GLN-primeira-capsula-biodegradavel-min.jpg 1600w\" sizes=\"auto, (max-width: 768px) 100vw, 768px\" title=\"GLN distinguida como parceira da Delta na 1\u00ba Capsula de Caf\u00e9 Biodegrad\u00e1vel\" \/>\t\t\t<div class=\"grve-bg-black grve-hover-overlay grve-opacity-10\"><\/div>\r\n\t\t<\/div>\r\n\t\t\t\t\t\t<div class=\"grve-post-content-wrapper\">\r\n\t\t\t\t\t\t\t<div class=\"grve-post-content\">\r\n\t\t\t\t\t\t\t\t<div class=\"grve-post-header\">\r\n\t\t\t\t\t\t\t\t\t\t\t\t\t\t\t\t\t\t\t\t<span class=\"grve-hidden\">\r\n\t\t\t<span class=\"grve-structured-data entry-title\">GLN distinguida como parceira da Delta na 1\u00ba Capsula de Caf\u00e9 Biodegrad\u00e1vel<\/span>\r\n\t\t\t<span class=\"grve-structured-data\" itemprop=\"image\" itemscope itemtype=\"http:\/\/schema.org\/ImageObject\">\r\n\t\t\t   <span itemprop='url' >https:\/\/gln.pt\/wp-content\/uploads\/GLN-primeira-capsula-biodegradavel-min.jpg<\/span>\r\n\t\t\t   <span itemprop='height' >1600<\/span>\r\n\t\t\t   <span itemprop='width' >900<\/span>\r\n\t\t\t<\/span>\r\n\t\t\t\t\t\t<span class=\"grve-structured-data vcard author\" itemprop=\"author\" itemscope itemtype=\"http:\/\/schema.org\/Person\">\r\n\t\t\t\t<span itemprop=\"name\" class=\"fn\">GLN<\/span>\r\n\t\t\t<\/span>\r\n\t\t\t<span class=\"grve-structured-data\" itemprop=\"publisher\" itemscope itemtype=\"http:\/\/schema.org\/Organization\">\r\n\t\t\t\t<span itemprop='name'>GLN<\/span>\r\n\t\t\t\t<span itemprop='logo' itemscope itemtype='http:\/\/schema.org\/ImageObject'>\r\n\t\t\t\t\t<span itemprop='url'>https:\/\/gln.pt\/wp-content\/uploads\/GLN-primeira-capsula-biodegradavel-min.jpg<\/span>\r\n\t\t\t\t<\/span>\r\n\t\t\t<\/span>\r\n\t\t\t\t\t\t<time class=\"grve-structured-data date published\" itemprop=\"datePublished\" datetime=\"2019-05-24T08:50:03+00:00\">2019-05-24<\/time>\r\n\t\t\t<time class=\"grve-structured-data date updated\" itemprop=\"dateModified\"  datetime=\"2021-09-20T13:49:33+00:00\">2021-09-20<\/time>\r\n\t\t\t<span class=\"grve-structured-data\" itemprop=\"mainEntityOfPage\" itemscope itemtype=\"http:\/\/schema.org\/WebPage\" itemid=\"https:\/\/gln.pt\/pt\/gln-distinguida-como-parceira-da-delta-na-1o-capsula-de-cafe-biodegradavel\/\"><\/span>\r\n\t\t<\/span>\r\n\t\t\t\t\t\t\t\t\t\t\t\t\t\t\t\t\t\t\t\t<ul class=\"grve-post-meta\">\r\n\t\t\t\t\t\t\t\t\t\t<li class=\"grve-post-date\">\t<time class=\"\" datetime=\"2019-05-24T08:50:03+00:00\">\r\n\t\t2019-05-24\t<\/time>\r\n<\/li>\t\t\t\t\t\t\t\t\t\t<\/ul>\r\n\t\t\t\t\t\t\t\t\t\t\t\t\t\t\t\t\t\t<a href=\"https:\/\/gln.pt\/pt\/gln-distinguida-como-parceira-da-delta-na-1o-capsula-de-cafe-biodegradavel\/\" rel=\"bookmark\"><h2 class=\"grve-post-title grve-post-title-hover grve-h4\" itemprop=\"name headline\">GLN distinguida como parceira da Delta na 1\u00ba Capsula de Caf\u00e9 Biodegrad\u00e1vel<\/h2><\/a>\t\t\t\t\t\t\t\t<\/div>\r\n\t\t\t\t\t\t\t\t<div itemprop=\"articleBody\"><p>&#8220;A Delta Caf\u00e9s juntou milho, cana de a\u00e7\u00facar e mandioca e, a partir deste composto, desenvolveu a primeira c\u00e1psula de caf\u00e9 100% org\u00e2nica do mercado portugu\u00eas. &#8220;<\/p>\n<a class=\"grve-read-more grve-link-text grve-heading-color grve-text-hover-primary-1\" href=\"https:\/\/gln.pt\/pt\/gln-distinguida-como-parceira-da-delta-na-1o-capsula-de-cafe-biodegradavel\/\"><span>ler mais<\/span><\/a><\/div>\t\t\t\t\t\t\t<\/div>\r\n\t\t\t\t\t\t<\/div>\r\n\t\t\t\t\t\r\n\t\t\t\t<\/div>\t\t\t<\/article>\r\n\r\n\t\t\t<\/div>\r\n<div class=\"grve-pagination grve-link-text grve-heading-color\"><ul class='page-numbers'>\n\t<li><span aria-current=\"page\" class=\"page-numbers current\">1<\/span><\/li>\n\t<li><a class=\"page-numbers\" href=\"https:\/\/gln.pt\/pt\/wp-json\/wp\/v2\/pages\/16746\/page\/2\/\">2<\/a><\/li>\n\t<li><a class=\"next page-numbers\" href=\"https:\/\/gln.pt\/pt\/wp-json\/wp\/v2\/pages\/16746\/page\/2\/\"><i class=\"grve-icon-nav-right-small\"><\/i><\/a><\/li>\n<\/ul>\n<\/div>\t\t<\/div>\r\n[\/vc_column][\/vc_row][vc_row][vc_column][vc_raw_js]JTNDc2NyaXB0JTIwdHlwZSUzRCUyMnRleHQlMkZqYXZhc2NyaXB0JTIyJTNFJTIwJTBBJTBBJTBBalF1ZXJ5JTI4ZG9jdW1lbnQlMjkucmVhZHklMjhmdW5jdGlvbiUyOCUyMCUyNCUyMCUyOSU3QiUwQSUwOXNldFRpbWVvdXQlMjhmdW5jdGlvbiUyOCUyOSU3QiUwQSUyMCUyMCUwQSUwQSUwQSUyMCUyMCUyRiUyRkFsdGVyYXIlMjBvcyUyMGJvdCVDMyVCNWVzJTIwZGFzJTIwbm90aWNpYXMlMjAlMjAlMEElMjAlMjB2YXIlMjBjbGFzc2VzJTNEZG9jdW1lbnQucXVlcnlTZWxlY3RvckFsbCUyOCUyMiUyM25ld3NSb3clMjBhLmdydmUtcmVhZC1tb3JlJTIyJTI5JTJDJTIwaSUzQiUwQSUwQSUyMCUyMGZvciUyMCUyOGklMjAlM0QlMjAwJTNCJTIwaSUyMCUzQyUyMGNsYXNzZXMubGVuZ3RoJTNCJTIwJTJCJTJCaSUyOSUyMCU3QiUwQSUyMCUyMCUyMCUyMGNsYXNzZXMlNUJpJTVELmNsYXNzTmFtZSUyMCUzRCUyMCUyMmdydmUtYnRuJTIwZ3J2ZS1idG4tbWVkaXVtJTIwZ3J2ZS1zcXVhcmUlMjBncnZlLWJnLXByaW1hcnktMSUyMGdydmUtYmctaG92ZXItcHJpbWFyeS0yJTIwYnRuLWdsbi1jb3IlMjIlM0IlMEElMjAlMjAlN0QlMEElMEElMDklN0QlMkMlMjAxMDAwJTI5JTNCJTBBJTBBJTdEJTI5JTNCJTBBJTBBJTNDJTJGc2NyaXB0JTNFJTBB[\/vc_raw_js][\/vc_column][\/vc_row]<\/p>\n","protected":false},"excerpt":{"rendered":"<p>[vc_row bg_type=&#8221;color&#8221; padding_top_multiplier=&#8221;custom&#8221; padding_bottom_multiplier=&#8221;custom&#8221; columns_gap=&#8221;none&#8221; padding_top=&#8221;60&#8243; padding_bottom=&#8221;120&#8243; section_id=&#8221;newsRow&#8221;][vc_column][\/vc_column][\/vc_row][vc_row][vc_column][vc_raw_js]JTNDc2NyaXB0JTIwdHlwZSUzRCUyMnRleHQlMkZqYXZhc2NyaXB0JTIyJTNFJTIwJTBBJTBBJTBBalF1ZXJ5JTI4ZG9jdW1lbnQlMjkucmVhZHklMjhmdW5jdGlvbiUyOCUyMCUyNCUyMCUyOSU3QiUwQSUwOXNldFRpbWVvdXQlMjhmdW5jdGlvbiUyOCUyOSU3QiUwQSUyMCUyMCUwQSUwQSUwQSUyMCUyMCUyRiUyRkFsdGVyYXIlMjBvcyUyMGJvdCVDMyVCNWVzJTIwZGFzJTIwbm90aWNpYXMlMjAlMjAlMEElMjAlMjB2YXIlMjBjbGFzc2VzJTNEZG9jdW1lbnQucXVlcnlTZWxlY3RvckFsbCUyOCUyMiUyM25ld3NSb3clMjBhLmdydmUtcmVhZC1tb3JlJTIyJTI5JTJDJTIwaSUzQiUwQSUwQSUyMCUyMGZvciUyMCUyOGklMjAlM0QlMjAwJTNCJTIwaSUyMCUzQyUyMGNsYXNzZXMubGVuZ3RoJTNCJTIwJTJCJTJCaSUyOSUyMCU3QiUwQSUyMCUyMCUyMCUyMGNsYXNzZXMlNUJpJTVELmNsYXNzTmFtZSUyMCUzRCUyMCUyMmdydmUtYnRuJTIwZ3J2ZS1idG4tbWVkaXVtJTIwZ3J2ZS1zcXVhcmUlMjBncnZlLWJnLXByaW1hcnktMSUyMGdydmUtYmctaG92ZXItcHJpbWFyeS0yJTIwYnRuLWdsbi1jb3IlMjIlM0IlMEElMjAlMjAlN0QlMEElMEElMDklN0QlMkMlMjAxMDAwJTI5JTNCJTBBJTBBJTdEJTI5JTNCJTBBJTBBJTNDJTJGc2NyaXB0JTNFJTBB[\/vc_raw_js][\/vc_column][\/vc_row]<\/p>\n","protected":false},"author":1,"featured_media":0,"parent":0,"menu_order":0,"comment_status":"closed","ping_status":"closed","template":"","meta":{"footnotes":""},"class_list":["post-16746","page","type-page","status-publish","hentry"],"_links":{"self":[{"href":"https:\/\/gln.pt\/pt\/wp-json\/wp\/v2\/pages\/16746","targetHints":{"allow":["GET"]}}],"collection":[{"href":"https:\/\/gln.pt\/pt\/wp-json\/wp\/v2\/pages"}],"about":[{"href":"https:\/\/gln.pt\/pt\/wp-json\/wp\/v2\/types\/page"}],"author":[{"embeddable":true,"href":"https:\/\/gln.pt\/pt\/wp-json\/wp\/v2\/users\/1"}],"replies":[{"embeddable":true,"href":"https:\/\/gln.pt\/pt\/wp-json\/wp\/v2\/comments?post=16746"}],"version-history":[{"count":19,"href":"https:\/\/gln.pt\/pt\/wp-json\/wp\/v2\/pages\/16746\/revisions"}],"predecessor-version":[{"id":17634,"href":"https:\/\/gln.pt\/pt\/wp-json\/wp\/v2\/pages\/16746\/revisions\/17634"}],"wp:attachment":[{"href":"https:\/\/gln.pt\/pt\/wp-json\/wp\/v2\/media?parent=16746"}],"curies":[{"name":"wp","href":"https:\/\/api.w.org\/{rel}","templated":true}]}}